{"id":607,"date":"2017-10-17T07:58:24","date_gmt":"2017-10-17T07:58:24","guid":{"rendered":"http:\/\/forriders.es\/alquiler-bicicletas-gran-alacant\/"},"modified":"2019-04-03T10:30:54","modified_gmt":"2019-04-03T10:30:54","slug":"bike-rental-gran-alacant","status":"publish","type":"page","link":"https:\/\/forriders.es\/en\/bike-rental-gran-alacant\/","title":{"rendered":"Bike Rental"},"content":{"rendered":"<p>[et_pb_section fb_built=&#8221;1&#8243; fullwidth=&#8221;on&#8221; _builder_version=&#8221;3.0.71&#8243;][et_pb_fullwidth_header text_orientation=&#8221;center&#8221; header_scroll_down=&#8221;on&#8221; scroll_down_icon=&#8221;%%1%%&#8221; background_overlay_color=&#8221;rgba(221,10,27,0)&#8221; disabled_on=&#8221;off|off|off&#8221; _builder_version=&#8221;3.16&#8243; title_font_size=&#8221;46px&#8221; background_color=&#8221;#dd0a1b&#8221; background_image=&#8221;https:\/\/forriders.es\/wp-content\/uploads\/2017\/10\/forriders-slide-05.jpg&#8221; button_one_text_size__hover_enabled=&#8221;off&#8221; button_two_text_size__hover_enabled=&#8221;off&#8221; button_one_text_color__hover_enabled=&#8221;off&#8221; button_two_text_color__hover_enabled=&#8221;off&#8221; button_one_border_width__hover_enabled=&#8221;off&#8221; button_two_border_width__hover_enabled=&#8221;off&#8221; button_one_border_color__hover_enabled=&#8221;off&#8221; button_two_border_color__hover_enabled=&#8221;off&#8221; button_one_border_radius__hover_enabled=&#8221;off&#8221; button_two_border_radius__hover_enabled=&#8221;off&#8221; button_one_letter_spacing__hover_enabled=&#8221;off&#8221; button_two_letter_spacing__hover_enabled=&#8221;off&#8221; button_one_bg_color__hover_enabled=&#8221;off&#8221; button_two_bg_color__hover_enabled=&#8221;off&#8221;][\/et_pb_fullwidth_header][\/et_pb_section][et_pb_section fb_built=&#8221;1&#8243; _builder_version=&#8221;3.0.71&#8243; custom_padding=&#8221;39px|0px|0px|0px&#8221;][et_pb_row custom_padding=&#8221;25.5938px|0px|70px|0px&#8221; _builder_version=&#8221;3.0.71&#8243;][et_pb_column type=&#8221;1_4&#8243; _builder_version=&#8221;3.0.71&#8243;][\/et_pb_column][et_pb_column type=&#8221;1_2&#8243; _builder_version=&#8221;3.0.71&#8243;][et_pb_text _builder_version=&#8221;3.0.74&#8243;]<\/p>\n<h1 style=\"text-align: center;\">BIKE RENTAL ALICANTE<\/h1>\n<p>[\/et_pb_text][et_pb_text _builder_version=&#8221;3.0.74&#8243;]<\/p>\n<p style=\"text-align: center;\">If you are on vacation in Gran Alacant, Santa Pola or surroundings, you spend long seasons living in the area, your bike has broken, or you just got up with the desire to ride a bike&#8230;we offer you our rental service of city and mountain bikes.<\/p>\n<p style=\"text-align: center;\">We have different pricing plans depending on the hours or days you need it! <a href=\"..\/..\/contacto\">Contact us and tell us which plan is most suitable for you.<\/a><\/p>\n<p>[\/et_pb_text][\/et_pb_column][et_pb_column type=&#8221;1_4&#8243; _builder_version=&#8221;3.0.71&#8243;][\/et_pb_column][\/et_pb_row][et_pb_row make_fullwidth=&#8221;on&#8221; use_custom_gutter=&#8221;on&#8221; gutter_width=&#8221;1&#8243; custom_padding=&#8221;0px|0px|0px|0px&#8221; make_equal=&#8221;on&#8221; background_color_1=&#8221;#f5f5f5&#8243; background_color_2=&#8221;#f5f5f5&#8243; bg_img_1=&#8221;https:\/\/forriders.es\/wp-content\/uploads\/2017\/10\/forriders-imagen-mondraker.jpg&#8221; background_size_1=&#8221;cover&#8221; background_position_1=&#8221;center_left&#8221; background_repeat_1=&#8221;no-repeat&#8221; padding_top_1=&#8221;20px&#8221; padding_top_2=&#8221;80px&#8221; padding_right_2=&#8221;80px&#8221; padding_bottom_1=&#8221;20px&#8221; padding_bottom_2=&#8221;80px&#8221; padding_left_2=&#8221;80px&#8221; _builder_version=&#8221;3.0.71&#8243;][et_pb_column type=&#8221;1_2&#8243; _builder_version=&#8221;3.0.71&#8243;][\/et_pb_column][et_pb_column type=&#8221;1_2&#8243; _builder_version=&#8221;3.0.71&#8243;][et_pb_text _builder_version=&#8221;3.0.74&#8243;]<\/p>\n<h2 style=\"text-align: left;\">MTB Bike Rental<\/h2>\n<p style=\"text-align: left;\">Half a day: 10\u20ac<\/p>\n<p style=\"text-align: left;\">1 day: 15\u20ac<\/p>\n<p style=\"text-align: left;\">2 days: 25\u20ac<\/p>\n<p style=\"text-align: left;\">1 week: 50\u20ac<\/p>\n<p style=\"text-align: left;\"><em>* 25\u20ac\u00a0deposit<\/em><\/p>\n<p>[\/et_pb_text][\/et_pb_column][\/et_pb_row][et_pb_row make_fullwidth=&#8221;on&#8221; use_custom_gutter=&#8221;on&#8221; gutter_width=&#8221;1&#8243; custom_padding=&#8221;0px|0px|0px|0px&#8221; make_equal=&#8221;on&#8221; background_color_1=&#8221;#f5f5f5&#8243; background_color_2=&#8221;#f5f5f5&#8243; bg_img_2=&#8221;https:\/\/forriders.es\/wp-content\/uploads\/2017\/10\/roadbike.jpg&#8221; parallax_method_1=&#8221;off&#8221; parallax_method_2=&#8221;off&#8221; background_position_2=&#8221;bottom_center&#8221; background_repeat_2=&#8221;no-repeat&#8221; padding_top_1=&#8221;80px&#8221; padding_top_2=&#8221;20px&#8221; padding_right_1=&#8221;80px&#8221; padding_right_2=&#8221;0px&#8221; padding_bottom_1=&#8221;80px&#8221; padding_bottom_2=&#8221;20px&#8221; padding_left_1=&#8221;80px&#8221; padding_left_2=&#8221;0px&#8221; _builder_version=&#8221;3.0.71&#8243;][et_pb_column type=&#8221;1_2&#8243; _builder_version=&#8221;3.0.71&#8243;][et_pb_text _builder_version=&#8221;3.0.74&#8243;]<\/p>\n<h2 style=\"text-align: right;\">Road Bike Rental<\/h2>\n<p style=\"text-align: right;\">Half a day: 15\u20ac<\/p>\n<p style=\"text-align: right;\">1 day: 20\u20ac<\/p>\n<p style=\"text-align: right;\">2 days: 30\u20ac<\/p>\n<p style=\"text-align: right;\">1 week: 65\u20ac<\/p>\n<p style=\"text-align: right;\"><em>* 50\u20ac\u00a0deposit<\/em><\/p>\n<p>[\/et_pb_text][\/et_pb_column][et_pb_column type=&#8221;1_2&#8243; _builder_version=&#8221;3.0.71&#8243;][\/et_pb_column][\/et_pb_row][et_pb_row make_fullwidth=&#8221;on&#8221; use_custom_gutter=&#8221;on&#8221; gutter_width=&#8221;1&#8243; custom_padding=&#8221;0px|0px|0px|0px&#8221; make_equal=&#8221;on&#8221; background_color_1=&#8221;#f5f5f5&#8243; background_color_2=&#8221;#f5f5f5&#8243; bg_img_1=&#8221;https:\/\/forriders.es\/wp-content\/uploads\/2019\/04\/forriders-ebike.jpg&#8221; background_size_1=&#8221;cover&#8221; background_position_1=&#8221;bottom_center&#8221; background_repeat_1=&#8221;no-repeat&#8221; padding_top_1=&#8221;20px&#8221; padding_top_2=&#8221;80px&#8221; padding_right_2=&#8221;80px&#8221; padding_bottom_1=&#8221;20px&#8221; padding_bottom_2=&#8221;80px&#8221; padding_left_2=&#8221;80px&#8221; _builder_version=&#8221;3.21.2&#8243;][et_pb_column type=&#8221;1_2&#8243; _builder_version=&#8221;3.0.71&#8243;][\/et_pb_column][et_pb_column type=&#8221;1_2&#8243; _builder_version=&#8221;3.0.71&#8243;][et_pb_text _builder_version=&#8221;3.0.74&#8243;]<\/p>\n<h2 style=\"text-align: left;\">urban e-Bike Rental<\/h2>\n<p style=\"text-align: left;\">1 day: 30\u20ac<\/p>\n<p style=\"text-align: left;\">2 days: 48\u20ac<\/p>\n<p style=\"text-align: left;\">1 week: 100\u20ac<\/p>\n<p style=\"text-align: left;\"><em>* 100\u20ac\u00a0deposit<\/em><\/p>\n<p>[\/et_pb_text][\/et_pb_column][\/et_pb_row][\/et_pb_section]<\/p>\n<!-- AddThis Advanced Settings generic via filter on the_content --><!-- AddThis Share Buttons generic via filter on the_content -->","protected":false},"excerpt":{"rendered":"<p>BIKE RENTAL ALICANTEIf you are on vacation in Gran Alacant, Santa Pola or surroundings, you spend long seasons living in the area, your bike has broken, or you just got up with the desire to ride a bike&#8230;we offer you our rental service of city and mountain bikes. We have different pricing plans depending on [&hellip;]<\/p>\n<p><!-- AddThis Advanced Settings generic via filter on get_the_excerpt --><!-- AddThis Share Buttons generic via filter on get_the_excerpt --><\/p>\n","protected":false},"author":1,"featured_media":0,"parent":0,"menu_order":6,"comment_status":"closed","ping_status":"closed","template":"","meta":{"_et_pb_use_builder":"on","_et_pb_old_content":"","_et_gb_content_width":"","_monsterinsights_skip_tracking":false,"_monsterinsights_sitenote_active":false,"_monsterinsights_sitenote_note":"","_monsterinsights_sitenote_category":0,"_joinchat":[]},"yoast_head":"<!-- This site is optimized with the Yoast SEO plugin v19.10 - https:\/\/yoast.com\/wordpress\/plugins\/seo\/ -->\n<title>Alquiler de bicicletas de paseo y de monta\u00f1a en Gran Alacant<\/title>\n<meta name=\"description\" content=\"Ponemos a tu disposici\u00f3n nuestro servicio de alquiler de bicicletas de paseo y de monta\u00f1a. Aqu\u00ed los precios en funci\u00f3n de las horas o d\u00edas que la necesites!\" \/>\n<meta name=\"robots\" content=\"index, follow, max-snippet:-1, max-image-preview:large, max-video-preview:-1\" \/>\n<link rel=\"canonical\" href=\"https:\/\/forriders.es\/en\/bike-rental-gran-alacant\/\" \/>\n<meta property=\"og:locale\" content=\"en_US\" \/>\n<meta property=\"og:type\" content=\"article\" \/>\n<meta property=\"og:title\" content=\"Alquiler de bicicletas de paseo y de monta\u00f1a en Gran Alacant\" \/>\n<meta property=\"og:description\" content=\"Ponemos a tu disposici\u00f3n nuestro servicio de alquiler de bicicletas de paseo y de monta\u00f1a. Aqu\u00ed los precios en funci\u00f3n de las horas o d\u00edas que la necesites!\" \/>\n<meta property=\"og:url\" content=\"https:\/\/forriders.es\/en\/bike-rental-gran-alacant\/\" \/>\n<meta property=\"og:site_name\" content=\"For Riders\" \/>\n<meta property=\"article:modified_time\" content=\"2019-04-03T10:30:54+00:00\" \/>\n<meta name=\"twitter:card\" content=\"summary_large_image\" \/>\n<meta name=\"twitter:label1\" content=\"Est. reading time\" \/>\n\t<meta name=\"twitter:data1\" content=\"3 minutes\" \/>\n<script type=\"application\/ld+json\" class=\"yoast-schema-graph\">{\"@context\":\"https:\/\/schema.org\",\"@graph\":[{\"@type\":\"WebPage\",\"@id\":\"https:\/\/forriders.es\/en\/bike-rental-gran-alacant\/\",\"url\":\"https:\/\/forriders.es\/en\/bike-rental-gran-alacant\/\",\"name\":\"Alquiler de bicicletas de paseo y de monta\u00f1a en Gran Alacant\",\"isPartOf\":{\"@id\":\"https:\/\/forriders.es\/#website\"},\"datePublished\":\"2017-10-17T07:58:24+00:00\",\"dateModified\":\"2019-04-03T10:30:54+00:00\",\"description\":\"Ponemos a tu disposici\u00f3n nuestro servicio de alquiler de bicicletas de paseo y de monta\u00f1a. Aqu\u00ed los precios en funci\u00f3n de las horas o d\u00edas que la necesites!\",\"breadcrumb\":{\"@id\":\"https:\/\/forriders.es\/en\/bike-rental-gran-alacant\/#breadcrumb\"},\"inLanguage\":\"en-US\",\"potentialAction\":[{\"@type\":\"ReadAction\",\"target\":[\"https:\/\/forriders.es\/en\/bike-rental-gran-alacant\/\"]}]},{\"@type\":\"BreadcrumbList\",\"@id\":\"https:\/\/forriders.es\/en\/bike-rental-gran-alacant\/#breadcrumb\",\"itemListElement\":[{\"@type\":\"ListItem\",\"position\":1,\"name\":\"Portada\",\"item\":\"https:\/\/forriders.es\/en\/\"},{\"@type\":\"ListItem\",\"position\":2,\"name\":\"Bike Rental\"}]},{\"@type\":\"WebSite\",\"@id\":\"https:\/\/forriders.es\/#website\",\"url\":\"https:\/\/forriders.es\/\",\"name\":\"For Riders\",\"description\":\"Bike Shop\",\"potentialAction\":[{\"@type\":\"SearchAction\",\"target\":{\"@type\":\"EntryPoint\",\"urlTemplate\":\"https:\/\/forriders.es\/?s={search_term_string}\"},\"query-input\":\"required name=search_term_string\"}],\"inLanguage\":\"en-US\"}]}<\/script>\n<!-- \/ Yoast SEO plugin. -->","yoast_head_json":{"title":"Alquiler de bicicletas de paseo y de monta\u00f1a en Gran Alacant","description":"Ponemos a tu disposici\u00f3n nuestro servicio de alquiler de bicicletas de paseo y de monta\u00f1a. Aqu\u00ed los precios en funci\u00f3n de las horas o d\u00edas que la necesites!","robots":{"index":"index","follow":"follow","max-snippet":"max-snippet:-1","max-image-preview":"max-image-preview:large","max-video-preview":"max-video-preview:-1"},"canonical":"https:\/\/forriders.es\/en\/bike-rental-gran-alacant\/","og_locale":"en_US","og_type":"article","og_title":"Alquiler de bicicletas de paseo y de monta\u00f1a en Gran Alacant","og_description":"Ponemos a tu disposici\u00f3n nuestro servicio de alquiler de bicicletas de paseo y de monta\u00f1a. Aqu\u00ed los precios en funci\u00f3n de las horas o d\u00edas que la necesites!","og_url":"https:\/\/forriders.es\/en\/bike-rental-gran-alacant\/","og_site_name":"For Riders","article_modified_time":"2019-04-03T10:30:54+00:00","twitter_card":"summary_large_image","twitter_misc":{"Est. reading time":"3 minutes"},"schema":{"@context":"https:\/\/schema.org","@graph":[{"@type":"WebPage","@id":"https:\/\/forriders.es\/en\/bike-rental-gran-alacant\/","url":"https:\/\/forriders.es\/en\/bike-rental-gran-alacant\/","name":"Alquiler de bicicletas de paseo y de monta\u00f1a en Gran Alacant","isPartOf":{"@id":"https:\/\/forriders.es\/#website"},"datePublished":"2017-10-17T07:58:24+00:00","dateModified":"2019-04-03T10:30:54+00:00","description":"Ponemos a tu disposici\u00f3n nuestro servicio de alquiler de bicicletas de paseo y de monta\u00f1a. Aqu\u00ed los precios en funci\u00f3n de las horas o d\u00edas que la necesites!","breadcrumb":{"@id":"https:\/\/forriders.es\/en\/bike-rental-gran-alacant\/#breadcrumb"},"inLanguage":"en-US","potentialAction":[{"@type":"ReadAction","target":["https:\/\/forriders.es\/en\/bike-rental-gran-alacant\/"]}]},{"@type":"BreadcrumbList","@id":"https:\/\/forriders.es\/en\/bike-rental-gran-alacant\/#breadcrumb","itemListElement":[{"@type":"ListItem","position":1,"name":"Portada","item":"https:\/\/forriders.es\/en\/"},{"@type":"ListItem","position":2,"name":"Bike Rental"}]},{"@type":"WebSite","@id":"https:\/\/forriders.es\/#website","url":"https:\/\/forriders.es\/","name":"For Riders","description":"Bike Shop","potentialAction":[{"@type":"SearchAction","target":{"@type":"EntryPoint","urlTemplate":"https:\/\/forriders.es\/?s={search_term_string}"},"query-input":"required name=search_term_string"}],"inLanguage":"en-US"}]}},"_links":{"self":[{"href":"https:\/\/forriders.es\/en\/wp-json\/wp\/v2\/pages\/607\/"}],"collection":[{"href":"https:\/\/forriders.es\/en\/wp-json\/wp\/v2\/pages\/"}],"about":[{"href":"https:\/\/forriders.es\/en\/wp-json\/wp\/v2\/types\/page\/"}],"author":[{"embeddable":true,"href":"https:\/\/forriders.es\/en\/wp-json\/wp\/v2\/users\/1\/"}],"replies":[{"embeddable":true,"href":"https:\/\/forriders.es\/en\/wp-json\/wp\/v2\/comments\/?post=607"}],"version-history":[{"count":6,"href":"https:\/\/forriders.es\/en\/wp-json\/wp\/v2\/pages\/607\/revisions\/"}],"predecessor-version":[{"id":1316,"href":"https:\/\/forriders.es\/en\/wp-json\/wp\/v2\/pages\/607\/revisions\/1316\/"}],"wp:attachment":[{"href":"https:\/\/forriders.es\/en\/wp-json\/wp\/v2\/media\/?parent=607"}],"curies":[{"name":"wp","href":"https:\/\/api.w.org\/{rel}","templated":true}]}}